{"id":288,"date":"2024-04-02T14:47:15","date_gmt":"2024-04-02T14:47:15","guid":{"rendered":"https:\/\/plazadetorosdesantander.com\/a-propos-du-carre\/"},"modified":"2024-06-26T08:48:07","modified_gmt":"2024-06-26T08:48:07","slug":"a-propos-des-arenes","status":"publish","type":"page","link":"https:\/\/plazadetorosdesantander.com\/fr\/a-propos-des-arenes\/","title":{"rendered":"A propos des ar\u00e8nes"},"content":{"rendered":"<section class=\"l-section wpb_row height_huge width_custom color_secondary with_img\" style=\"--site-content-width:900px;\"><div class=\"l-section-img\" role=\"img\" aria-label=\"torero dans les ar\u00e8nes\" data-img-width=\"1200\" data-img-height=\"675\" style=\"background-image: url(https:\/\/plazadetorosdesantander.com\/wp-content\/uploads\/2024\/04\/Plaza-de-toros-de-Santander.jpg);\"><\/div><div class=\"l-section-overlay\" style=\"background:rgba(0,0,0,0.65)\"><\/div><div class=\"l-section-h i-cf\"><div class=\"g-cols vc_row via_grid cols_1 laptops-cols_inherit tablets-cols_inherit mobiles-cols_1 valign_top type_default stacking_default\"><div class=\"wpb_column vc_column_container\"><div class=\"vc_column-inner\"><div class=\"w-separator size_medium\"><\/div><h1 class=\"w-text us_custom_eb849559\"><span class=\"w-text-h\"><span class=\"w-text-value\">Informations sur les ar\u00e8nes<\/span><\/span><\/h1><\/div><\/div><\/div><\/div><\/section><section class=\"l-section wpb_row height_medium\"><div class=\"l-section-h i-cf\"><div class=\"g-cols vc_row via_grid cols_1 laptops-cols_inherit tablets-cols_inherit mobiles-cols_1 valign_top type_default stacking_default\"><div class=\"wpb_column vc_column_container\"><div class=\"vc_column-inner\"><div class=\"wpb_text_column\"><div class=\"wpb_wrapper\"><p><strong><a href=\"https:\/\/plazadetorosdesantander.com\/fr\/\">Les ar\u00e8nes de Santander<\/a>, \u00e9galement connues sous le nom d&rsquo;ar\u00e8nes des quatre routes, sont sans aucun doute l&rsquo;une des plus belles ar\u00e8nes d&rsquo;Espagne<\/strong>. Sa conception, ses dimensions et son importance en font l&rsquo;un des principaux monuments taurins \u00e0 visiter et \u00e0 assister aux spectacles de tauromachie. Sur cette page, nous allons parler des ar\u00e8nes, de leur histoire et de leurs particularit\u00e9s.<\/p>\n<\/div><\/div><\/div><\/div><\/div><\/div><\/section><section class=\"l-section wpb_row height_auto\"><div class=\"l-section-h i-cf\"><div class=\"g-cols vc_row via_grid cols_2 laptops-cols_inherit tablets-cols_1 mobiles-cols_1 valign_middle type_default reversed stacking_default\" style=\"--columns-gap:0px;\"><div class=\"wpb_column vc_column_container us_custom_0a716868 has_bg_color stretched\"><div class=\"vc_column-inner\"><\/div><\/div><div class=\"wpb_column vc_column_container\"><div class=\"vc_column-inner\"><div class=\"wpb_text_column us_custom_525019aa\"><div class=\"wpb_wrapper\"><h3>Origine des ar\u00e8nes<\/h3>\n<p>La Plaza de Toros de los Cuatro Caminos a \u00e9t\u00e9 construite par l&rsquo;architecte Alfredo de la Escalera et <strong>inaugur\u00e9e le 25 juillet 1890 avec une corrida <\/strong>\u00e0 laquelle ont particip\u00e9 les toreros Jos\u00e9 S\u00e1nchez del Campo \u00ab\u00a0Cara-Ancha\u00a0\u00bb et Luis Mazantini, avec des taureaux de Conde de Patilla.<\/p>\n<p>La raison de sa construction est la grande popularit\u00e9 de la tauromachie \u00e0 l&rsquo;\u00e9poque, qui a fait des ar\u00e8nes un centre de rencontres, de spectacles et d&rsquo;expression artistique.<\/p>\n<\/div><\/div><div class=\"w-separator size_huge\"><\/div><div class=\"w-separator size_huge\"><\/div><\/div><\/div><\/div><\/div><\/section><section class=\"l-section wpb_row height_medium\"><div class=\"l-section-h i-cf\"><div class=\"g-cols vc_row via_grid cols_1 laptops-cols_inherit tablets-cols_inherit mobiles-cols_1 valign_top type_default stacking_default\"><div class=\"wpb_column vc_column_container\"><div class=\"vc_column-inner\"><h2 class=\"w-text\"><span class=\"w-text-h\"><span class=\"w-text-value\">Architecture et design<\/span><\/span><\/h2><div class=\"w-separator size_large\"><\/div><div class=\"w-tabs layout_ver navwidth_auto navpos_left style_trendy switch_click\" style=\"--sections-title-size:1.6em\" data-accordion-at-width=\"1024\"><div class=\"w-tabs-list items_3 align_none\" style=\"font-family:var(--h1-font-family);font-weight:700;line-height:1.7;\"><div class=\"w-tabs-list-h\"><button class=\"w-tabs-item active defined-active\" aria-controls=\"content-ye91\" aria-expanded=\"true\"><span class=\"w-tabs-item-title\">Caract\u00e9ristiques<\/span><\/button><button class=\"w-tabs-item\" aria-controls=\"content-l89a\" aria-expanded=\"false\"><span class=\"w-tabs-item-title\">Capacit\u00e9<\/span><\/button><button class=\"w-tabs-item\" aria-controls=\"content-n190\" aria-expanded=\"false\"><span class=\"w-tabs-item-title\">\u00c9l\u00e9ments<\/span><\/button><\/div><\/div><div class=\"w-tabs-sections titles-align_none icon_chevron cpos_right\"><div class=\"w-tabs-section active\" id=\"ye91\"><button class=\"w-tabs-section-header active\" aria-controls=\"content-ye91\" aria-expanded=\"true\"><h4 class=\"w-tabs-section-title\">Caract\u00e9ristiques<\/h4><div class=\"w-tabs-section-control\"><\/div><\/button><div  class=\"w-tabs-section-content\" id=\"content-ye91\"><div class=\"w-tabs-section-content-h i-cf\"><div class=\"g-cols wpb_row via_grid cols_2 laptops-cols_inherit tablets-cols_inherit mobiles-cols_1 valign_middle type_default stacking_default\" style=\"--columns-gap:3rem;\"><div class=\"wpb_column vc_column_container\"><div class=\"vc_column-inner\"><div class=\"w-image has_ratio align_none\"><div class=\"w-image-h\"><div style=\"padding-bottom:66.6667%\"><\/div><img decoding=\"async\" width=\"900\" height=\"675\" src=\"https:\/\/plazadetorosdesantander.com\/wp-content\/uploads\/2024\/04\/Fachada-plaza-toros-santander.webp\" class=\"attachment-large size-large\" alt=\"grande porte ar\u00e8nes santander\" loading=\"lazy\" \/><\/div><\/div><\/div><\/div><div class=\"wpb_column vc_column_container\"><div class=\"vc_column-inner\"><div class=\"wpb_text_column\"><div class=\"wpb_wrapper\"><h3>Conception et architecture<\/h3>\n<p>Les ar\u00e8nes de Santander ont \u00e9t\u00e9 construites sur une base de <strong>ma\u00e7onnerie, de fer, de briques et de bois, avec un diam\u00e8tre de 51 m\u00e8tres<\/strong>. Il comporte \u00e0 son tour 3 \u00e9tages, sur lesquels sont r\u00e9partis les gradins, les tribunes et enfin les andanadas sur le dernier des 3 \u00e9tages du monument taurin.<\/p>\n<p>D&rsquo;autre part, les intercolumniations du troisi\u00e8me \u00e9tage sont orn\u00e9es de ferronneries et d&rsquo;\u00e9cussons de style n\u00e9o-mud\u00e9jar, qui d\u00e9corent les zones sup\u00e9rieures de la place.<\/p>\n<\/div><\/div><\/div><\/div><\/div><\/div><\/div><\/div><div class=\"w-tabs-section\" id=\"l89a\"><button class=\"w-tabs-section-header\" aria-controls=\"content-l89a\" aria-expanded=\"false\"><h4 class=\"w-tabs-section-title\">Capacit\u00e9<\/h4><div class=\"w-tabs-section-control\"><\/div><\/button><div  class=\"w-tabs-section-content\" id=\"content-l89a\"><div class=\"w-tabs-section-content-h i-cf\"><div class=\"g-cols wpb_row via_grid cols_2 laptops-cols_inherit tablets-cols_inherit mobiles-cols_1 valign_middle type_default stacking_default\" style=\"--columns-gap:3rem;\"><div class=\"wpb_column vc_column_container\"><div class=\"vc_column-inner\"><div class=\"w-image has_ratio align_none\"><div class=\"w-image-h\"><div style=\"padding-bottom:66.6667%\"><\/div><img decoding=\"async\" width=\"600\" height=\"600\" src=\"https:\/\/plazadetorosdesantander.com\/wp-content\/uploads\/2024\/04\/Tendidos-plaza-de-toros.jpg\" class=\"attachment-large size-large\" alt=\"Lignes et stands des ar\u00e8nes\" loading=\"lazy\" \/><\/div><\/div><\/div><\/div><div class=\"wpb_column vc_column_container\"><div class=\"vc_column-inner\"><div class=\"wpb_text_column\"><div class=\"wpb_wrapper\"><h3>Capacit\u00e9 du carr\u00e9<\/h3>\n<p>L&rsquo;ar\u00e8ne a une capacit\u00e9 d&rsquo;<strong>environ 11 700 spectateurs<\/strong>, r\u00e9partis entre ses 7 gradins, au soleil ou \u00e0 l&rsquo;ombre. La plupart d&rsquo;entre eux sont r\u00e9partis dans les si\u00e8ges de l&rsquo;ar\u00e8ne et le reste dans les gradins et les terrasses des ar\u00e8nes.<\/p>\n<\/div><\/div><\/div><\/div><\/div><\/div><\/div><\/div><div class=\"w-tabs-section\" id=\"n190\"><button class=\"w-tabs-section-header\" aria-controls=\"content-n190\" aria-expanded=\"false\"><h4 class=\"w-tabs-section-title\">\u00c9l\u00e9ments<\/h4><div class=\"w-tabs-section-control\"><\/div><\/button><div  class=\"w-tabs-section-content\" id=\"content-n190\"><div class=\"w-tabs-section-content-h i-cf\"><div class=\"g-cols wpb_row via_grid cols_2 laptops-cols_inherit tablets-cols_inherit mobiles-cols_1 valign_top type_default stacking_default\" style=\"--columns-gap:3rem;\"><div class=\"wpb_column vc_column_container\"><div class=\"vc_column-inner\"><div class=\"w-image has_ratio align_none\"><div class=\"w-image-h\"><div style=\"padding-bottom:66.6667%\"><\/div><img decoding=\"async\" width=\"800\" height=\"598\" src=\"https:\/\/plazadetorosdesantander.com\/wp-content\/uploads\/2024\/04\/Puertas-plaza-toros.webp\" class=\"attachment-large size-large\" alt=\"sculptures et portes des ar\u00e8nes\" loading=\"lazy\" \/><\/div><\/div><\/div><\/div><div class=\"wpb_column vc_column_container\"><div class=\"vc_column-inner\"><div class=\"wpb_text_column\"><div class=\"wpb_wrapper\"><h3>Autres espaces<\/h3>\n<p>Outre sa structure principale, la Plaza de Toros de los cuatro caminos comporte une s\u00e9rie d&rsquo;\u00e9l\u00e9ments architecturaux qui ajoutent une valeur esth\u00e9tique et fonctionnelle aux ar\u00e8nes. Il s&rsquo;agit de l&rsquo;<strong>infirmerie des ar\u00e8nes, des ar\u00e8nes, des<\/strong> ar\u00e8nes de <strong>tauromachie<\/strong> et d&rsquo;autres \u00e9l\u00e9ments modernes tels que les zones de vente dans les rues pendant les corridas ou les guichets des ar\u00e8nes.<\/p>\n<\/div><\/div><\/div><\/div><\/div><\/div><\/div><\/div><\/div><\/div><\/div><\/div><\/div><\/div><\/section><section class=\"l-section wpb_row height_medium\"><div class=\"l-section-h i-cf\"><div class=\"g-cols vc_row via_grid cols_2 laptops-cols_inherit tablets-cols_inherit mobiles-cols_1 valign_middle type_default stacking_default\"><div class=\"wpb_column vc_column_container\"><div class=\"vc_column-inner\"><div class=\"wpb_text_column\"><div class=\"wpb_wrapper\"><h2>Des corridas l\u00e9gendaires<\/h2>\n<p><strong>En 1913 a lieu la fameuse corrida monstrueuse<\/strong>, qui a un grand retentissement au niveau national. Au cours de ce spectacle taurin, trois corridas ont eu lieu au total.<\/p>\n<p>La premi\u00e8re corrida a eu lieu le matin avec des taureaux Benjumea pour les toreros Vicente Pastor, Cocherito de Bilbao et Torquito. La deuxi\u00e8me corrida a eu lieu apr\u00e8s midi avec des taureaux de Parlad\u00e9, pour Machaquito et Joselito. Enfin, Ricardo Bamba et El Gallo ont combattu les corn\u00fapetas de Marqu\u00e9s de Saltillo.<\/p>\n<p><strong>Des ann\u00e9es plus tard, en 1990, une autre corrida monstrueuse a \u00e9t\u00e9 organis\u00e9e pour comm\u00e9morer le centenaire des ar\u00e8nes.<\/strong><\/p>\n<\/div><\/div><\/div><\/div><div class=\"wpb_column vc_column_container\"><div class=\"vc_column-inner\"><div class=\"w-image align_none\"><div class=\"w-image-h\"><img decoding=\"async\" width=\"1000\" height=\"700\" src=\"https:\/\/plazadetorosdesantander.com\/wp-content\/uploads\/2024\/04\/Corrida-de-toros-monstruo.jpg\" class=\"attachment-large size-large\" alt=\"vieille photographie \u00e9jaculation monstre santander\" loading=\"lazy\" srcset=\"https:\/\/plazadetorosdesantander.com\/wp-content\/uploads\/2024\/04\/Corrida-de-toros-monstruo.jpg 1000w, https:\/\/plazadetorosdesantander.com\/wp-content\/uploads\/2024\/04\/Corrida-de-toros-monstruo-600x420.jpg 600w, https:\/\/plazadetorosdesantander.com\/wp-content\/uploads\/2024\/04\/Corrida-de-toros-monstruo-300x210.jpg 300w\" sizes=\"auto, (max-width: 1000px) 100vw, 1000px\" \/><\/div><\/div><\/div><\/div><\/div><\/div><\/section><section class=\"l-section wpb_row height_medium\"><div class=\"l-section-h i-cf\"><div class=\"g-cols vc_row via_grid cols_1 laptops-cols_inherit tablets-cols_inherit mobiles-cols_1 valign_top type_default stacking_default\"><div class=\"wpb_column vc_column_container\"><div class=\"vc_column-inner\"><div class=\"wpb_text_column\"><div class=\"wpb_wrapper\"><h3>Les ar\u00e8nes aujourd&rsquo;hui<\/h3>\n<p>Si, par le pass\u00e9, les ar\u00e8nes n&rsquo;accueillaient que des spectacles de tauromachie, aujourd&rsquo;hui, vous pouvez assister \u00e0 toutes sortes d&rsquo;\u00e9v\u00e9nements. Les ar\u00e8nes ont \u00e9t\u00e9 transform\u00e9es en un espace polyvalent o\u00f9 les amateurs de tauromachie et le grand public peuvent assister aux meilleurs spectacles de la ville.<\/p>\n<\/div><\/div><div class=\"w-separator size_large\"><\/div><div class=\"g-cols wpb_row via_grid cols_2 laptops-cols_inherit tablets-cols_inherit mobiles-cols_1 valign_middle type_default stacking_default\" style=\"--columns-gap:3rem;\"><div class=\"wpb_column vc_column_container\"><div class=\"vc_column-inner\"><div class=\"w-image align_none\"><div class=\"w-image-h\"><img decoding=\"async\" width=\"800\" height=\"533\" src=\"https:\/\/plazadetorosdesantander.com\/wp-content\/uploads\/2024\/04\/conciertos-y-eventos.webp\" class=\"attachment-large size-large\" alt=\"concerts dans les ar\u00e8nes de Santander\" loading=\"lazy\" srcset=\"https:\/\/plazadetorosdesantander.com\/wp-content\/uploads\/2024\/04\/conciertos-y-eventos.webp 800w, https:\/\/plazadetorosdesantander.com\/wp-content\/uploads\/2024\/04\/conciertos-y-eventos-600x400.webp 600w, https:\/\/plazadetorosdesantander.com\/wp-content\/uploads\/2024\/04\/conciertos-y-eventos-300x200.webp 300w\" sizes=\"auto, (max-width: 800px) 100vw, 800px\" \/><\/div><\/div><\/div><\/div><div class=\"wpb_column vc_column_container\"><div class=\"vc_column-inner\"><div class=\"wpb_text_column us_custom_4481559d\"><div class=\"wpb_wrapper\"><h4>Concerts<\/h4>\n<p>L&rsquo;ar\u00e8ne devient une sc\u00e8ne pour certains des chanteurs les plus c\u00e9l\u00e8bres d&rsquo;Espagne. Parmi les chanteurs qui ont r\u00e9cemment donn\u00e9 des concerts sur la place, citons : Pastora Soler, Los M\u00f3rcanos&#8230;.<\/p>\n<\/div><\/div><div class=\"w-separator size_medium\"><\/div><div class=\"wpb_text_column us_custom_4481559d\"><div class=\"wpb_wrapper\"><h4>Tauromachie<\/h4>\n<p>En r\u00e8gle g\u00e9n\u00e9rale, les corridas ont lieu au printemps et en \u00e9t\u00e9, car le temps et la temp\u00e9rature am\u00e9liorent les conditions de la tauromachie. La corrida de Santander a lieu en juillet et accueille certains des toreros les plus c\u00e9l\u00e8bres du monde.<\/p>\n<\/div><\/div><\/div><\/div><\/div><\/div><\/div><\/div><\/div><\/section><section class=\"l-section wpb_row us_custom_402551d6 height_medium width_custom color_footer-bottom with_shape\" style=\"--site-content-width:1000px;\"><div class=\"l-section-shape type_custom pos_top\" style=\"height:50%;\"><svg xmlns=\"http:\/\/www.w3.org\/2000\/svg\" viewBox=\"0 0 64 8\" preserveAspectRatio=\"none\" width=\"100%\" height=\"100%\">\r\n\t<path fill=\"currentColor\" d=\"M64 8 L0 8 L0 0 L64 0 Z\"\/>\r\n<\/svg><\/div><div class=\"l-section-h i-cf\"><div class=\"g-cols vc_row via_grid cols_1 laptops-cols_inherit tablets-cols_inherit mobiles-cols_1 valign_top type_default stacking_default\"><div class=\"wpb_column vc_column_container us_custom_9cf479d2\"><div class=\"vc_column-inner\"><div class=\"g-cols wpb_row us_custom_9036209b has_text_color via_grid cols_custom laptops-cols_inherit tablets-cols_3-2 mobiles-cols_1 valign_middle type_default stacking_default\" style=\"--columns-gap:2rem;--custom-columns:2.5fr 2fr 1.5fr\"><div class=\"wpb_column vc_column_container\"><div class=\"vc_column-inner\"><div class=\"w-text us_custom_f379e5e9\"><span class=\"w-text-h\"><span class=\"w-text-value\">Vous souhaitez visiter les ar\u00e8nes ?<\/span><\/span><\/div><\/div><\/div><div class=\"wpb_column vc_column_container us_custom_e28183d5\"><div class=\"vc_column-inner\"><div class=\"w-text us_custom_e5db0a2d has_text_color\"><span class=\"w-text-h\"><span class=\"w-text-value\">Billets de corrida<\/span><\/span><\/div><div class=\"w-text\"><span class=\"w-text-h\"><span class=\"w-text-value\">A partir de 20 euros<\/span><\/span><\/div><\/div><\/div><div class=\"wpb_column vc_column_container us_custom_ecbbf48f\"><div class=\"vc_column-inner\"><div class=\"w-btn-wrapper default_align_right laptops_align_right tablets_align_left mobiles_align_center\"><a class=\"w-btn us-btn-style_1 us_custom_b4198c51\" title=\"acheter des billets corrida santander\" href=\"https:\/\/plazadetorosdesantander.com\/fr\/billets-de-corrida-santander\/\"><span class=\"w-btn-label\">Acheter des billets<\/span><\/a><\/div><\/div><\/div><\/div><\/div><\/div><\/div><\/div><\/section>\n","protected":false},"excerpt":{"rendered":"Informations sur les ar\u00e8nesLes ar\u00e8nes de Santander, \u00e9galement connues sous le nom d&rsquo;ar\u00e8nes des quatre routes, sont sans aucun doute l&rsquo;une des plus belles ar\u00e8nes d&rsquo;Espagne. Sa conception, ses dimensions et son importance en font l&rsquo;un des principaux monuments taurins \u00e0 visiter et \u00e0 assister aux spectacles de tauromachie. Sur cette page, nous allons parler...","protected":false},"author":2,"featured_media":0,"parent":0,"menu_order":0,"comment_status":"closed","ping_status":"closed","template":"","meta":{"footnotes":""},"class_list":["post-288","page","type-page","status-publish","hentry"],"yoast_head":"<!-- This site is optimized with the Yoast SEO plugin v27.4 - https:\/\/yoast.com\/product\/yoast-seo-wordpress\/ -->\n<title>\u25b7 Informations sur les ar\u00e8nes de Santander | Site officiel<\/title>\n<meta name=\"description\" content=\"D\u00e9couvrez les secrets et les histoires des ar\u00e8nes de Santander. Origine et histoire, corridas les plus c\u00e9l\u00e8bres et plus encore\" \/>\n<meta name=\"robots\" content=\"index, follow, max-snippet:-1, max-image-preview:large, max-video-preview:-1\" \/>\n<link rel=\"canonical\" href=\"https:\/\/plazadetorosdesantander.com\/fr\/a-propos-des-arenes\/\" \/>\n<meta property=\"og:locale\" content=\"fr_FR\" \/>\n<meta property=\"og:type\" content=\"article\" \/>\n<meta property=\"og:title\" content=\"\u25b7 Informations sur les ar\u00e8nes de Santander | Site officiel\" \/>\n<meta property=\"og:description\" content=\"D\u00e9couvrez les secrets et les histoires des ar\u00e8nes de Santander. Origine et histoire, corridas les plus c\u00e9l\u00e8bres et plus encore\" \/>\n<meta property=\"og:url\" content=\"https:\/\/plazadetorosdesantander.com\/fr\/a-propos-des-arenes\/\" \/>\n<meta property=\"og:site_name\" content=\"Plaza Toros Santander\" \/>\n<meta property=\"article:modified_time\" content=\"2024-06-26T08:48:07+00:00\" \/>\n<meta name=\"twitter:card\" content=\"summary_large_image\" \/>\n<meta name=\"twitter:label1\" content=\"Dur\u00e9e de lecture estim\u00e9e\" \/>\n\t<meta name=\"twitter:data1\" content=\"4 minutes\" \/>\n<script type=\"application\/ld+json\" class=\"yoast-schema-graph\">{\"@context\":\"https:\\\/\\\/schema.org\",\"@graph\":[{\"@type\":\"WebPage\",\"@id\":\"https:\\\/\\\/plazadetorosdesantander.com\\\/fr\\\/a-propos-des-arenes\\\/\",\"url\":\"https:\\\/\\\/plazadetorosdesantander.com\\\/fr\\\/a-propos-des-arenes\\\/\",\"name\":\"\u25b7 Informations sur les ar\u00e8nes de Santander | Site officiel\",\"isPartOf\":{\"@id\":\"https:\\\/\\\/plazadetorosdesantander.com\\\/fr\\\/#website\"},\"datePublished\":\"2024-04-02T14:47:15+00:00\",\"dateModified\":\"2024-06-26T08:48:07+00:00\",\"description\":\"D\u00e9couvrez les secrets et les histoires des ar\u00e8nes de Santander. Origine et histoire, corridas les plus c\u00e9l\u00e8bres et plus encore\",\"breadcrumb\":{\"@id\":\"https:\\\/\\\/plazadetorosdesantander.com\\\/fr\\\/a-propos-des-arenes\\\/#breadcrumb\"},\"inLanguage\":\"fr-FR\",\"potentialAction\":[{\"@type\":\"ReadAction\",\"target\":[\"https:\\\/\\\/plazadetorosdesantander.com\\\/fr\\\/a-propos-des-arenes\\\/\"]}]},{\"@type\":\"BreadcrumbList\",\"@id\":\"https:\\\/\\\/plazadetorosdesantander.com\\\/fr\\\/a-propos-des-arenes\\\/#breadcrumb\",\"itemListElement\":[{\"@type\":\"ListItem\",\"position\":1,\"name\":\"Portada\",\"item\":\"https:\\\/\\\/plazadetorosdesantander.com\\\/fr\\\/accueil\\\/\"},{\"@type\":\"ListItem\",\"position\":2,\"name\":\"A propos des ar\u00e8nes\"}]},{\"@type\":\"WebSite\",\"@id\":\"https:\\\/\\\/plazadetorosdesantander.com\\\/fr\\\/#website\",\"url\":\"https:\\\/\\\/plazadetorosdesantander.com\\\/fr\\\/\",\"name\":\"Plaza Toros Santander\",\"description\":\"P\u00e1gina oficial Plaza de Toros Santander\",\"potentialAction\":[{\"@type\":\"SearchAction\",\"target\":{\"@type\":\"EntryPoint\",\"urlTemplate\":\"https:\\\/\\\/plazadetorosdesantander.com\\\/fr\\\/?s={search_term_string}\"},\"query-input\":{\"@type\":\"PropertyValueSpecification\",\"valueRequired\":true,\"valueName\":\"search_term_string\"}}],\"inLanguage\":\"fr-FR\"}]}<\/script>\n<!-- \/ Yoast SEO plugin. -->","yoast_head_json":{"title":"\u25b7 Informations sur les ar\u00e8nes de Santander | Site officiel","description":"D\u00e9couvrez les secrets et les histoires des ar\u00e8nes de Santander. Origine et histoire, corridas les plus c\u00e9l\u00e8bres et plus encore","robots":{"index":"index","follow":"follow","max-snippet":"max-snippet:-1","max-image-preview":"max-image-preview:large","max-video-preview":"max-video-preview:-1"},"canonical":"https:\/\/plazadetorosdesantander.com\/fr\/a-propos-des-arenes\/","og_locale":"fr_FR","og_type":"article","og_title":"\u25b7 Informations sur les ar\u00e8nes de Santander | Site officiel","og_description":"D\u00e9couvrez les secrets et les histoires des ar\u00e8nes de Santander. Origine et histoire, corridas les plus c\u00e9l\u00e8bres et plus encore","og_url":"https:\/\/plazadetorosdesantander.com\/fr\/a-propos-des-arenes\/","og_site_name":"Plaza Toros Santander","article_modified_time":"2024-06-26T08:48:07+00:00","twitter_card":"summary_large_image","twitter_misc":{"Dur\u00e9e de lecture estim\u00e9e":"4 minutes"},"schema":{"@context":"https:\/\/schema.org","@graph":[{"@type":"WebPage","@id":"https:\/\/plazadetorosdesantander.com\/fr\/a-propos-des-arenes\/","url":"https:\/\/plazadetorosdesantander.com\/fr\/a-propos-des-arenes\/","name":"\u25b7 Informations sur les ar\u00e8nes de Santander | Site officiel","isPartOf":{"@id":"https:\/\/plazadetorosdesantander.com\/fr\/#website"},"datePublished":"2024-04-02T14:47:15+00:00","dateModified":"2024-06-26T08:48:07+00:00","description":"D\u00e9couvrez les secrets et les histoires des ar\u00e8nes de Santander. Origine et histoire, corridas les plus c\u00e9l\u00e8bres et plus encore","breadcrumb":{"@id":"https:\/\/plazadetorosdesantander.com\/fr\/a-propos-des-arenes\/#breadcrumb"},"inLanguage":"fr-FR","potentialAction":[{"@type":"ReadAction","target":["https:\/\/plazadetorosdesantander.com\/fr\/a-propos-des-arenes\/"]}]},{"@type":"BreadcrumbList","@id":"https:\/\/plazadetorosdesantander.com\/fr\/a-propos-des-arenes\/#breadcrumb","itemListElement":[{"@type":"ListItem","position":1,"name":"Portada","item":"https:\/\/plazadetorosdesantander.com\/fr\/accueil\/"},{"@type":"ListItem","position":2,"name":"A propos des ar\u00e8nes"}]},{"@type":"WebSite","@id":"https:\/\/plazadetorosdesantander.com\/fr\/#website","url":"https:\/\/plazadetorosdesantander.com\/fr\/","name":"Plaza Toros Santander","description":"P\u00e1gina oficial Plaza de Toros Santander","potentialAction":[{"@type":"SearchAction","target":{"@type":"EntryPoint","urlTemplate":"https:\/\/plazadetorosdesantander.com\/fr\/?s={search_term_string}"},"query-input":{"@type":"PropertyValueSpecification","valueRequired":true,"valueName":"search_term_string"}}],"inLanguage":"fr-FR"}]}},"_links":{"self":[{"href":"https:\/\/plazadetorosdesantander.com\/fr\/wp-json\/wp\/v2\/pages\/288","targetHints":{"allow":["GET"]}}],"collection":[{"href":"https:\/\/plazadetorosdesantander.com\/fr\/wp-json\/wp\/v2\/pages"}],"about":[{"href":"https:\/\/plazadetorosdesantander.com\/fr\/wp-json\/wp\/v2\/types\/page"}],"author":[{"embeddable":true,"href":"https:\/\/plazadetorosdesantander.com\/fr\/wp-json\/wp\/v2\/users\/2"}],"replies":[{"embeddable":true,"href":"https:\/\/plazadetorosdesantander.com\/fr\/wp-json\/wp\/v2\/comments?post=288"}],"version-history":[{"count":17,"href":"https:\/\/plazadetorosdesantander.com\/fr\/wp-json\/wp\/v2\/pages\/288\/revisions"}],"predecessor-version":[{"id":2303,"href":"https:\/\/plazadetorosdesantander.com\/fr\/wp-json\/wp\/v2\/pages\/288\/revisions\/2303"}],"wp:attachment":[{"href":"https:\/\/plazadetorosdesantander.com\/fr\/wp-json\/wp\/v2\/media?parent=288"}],"curies":[{"name":"wp","href":"https:\/\/api.w.org\/{rel}","templated":true}]}}